{"id":13601,"date":"2022-07-12T14:08:11","date_gmt":"2022-07-12T19:08:11","guid":{"rendered":"https:\/\/www.moelleepiniere.com\/?page_id=13601"},"modified":"2022-08-23T16:55:32","modified_gmt":"2022-08-23T21:55:32","slug":"csdb-psh","status":"publish","type":"page","link":"https:\/\/www.moelleepiniere.com\/en\/csdb-psh\/","title":{"rendered":"Comit\u00e9 de sensibilisation aux droits et besoins des personnes en situation de handicap &#8220;CSDB-PSH&#8221;"},"content":{"rendered":"<p>Mars 2022 a sonn\u00e9 le retour en force du comit\u00e9 de mobilisation de Moelle \u00e9pini\u00e8re et motricit\u00e9 Qu\u00e9bec, nouvellement baptis\u00e9 <em>Comit\u00e9 de sensibilisation aux droits et besoins des personnes en situation de handicap<\/em> (CSDB-PSH).<strong>&nbsp;&nbsp;<\/strong><\/p>\n<p>\u00c0 travers ses travaux, le comit\u00e9 vise \u00e0 faire conna\u00eetre les besoins des personnes \u00e0 mobilit\u00e9 r\u00e9duite et \u00e0 leur garantir une meilleure accessibilit\u00e9 et une meilleure inclusion dans la soci\u00e9t\u00e9. Son mandat a quatre axes:&nbsp;<\/p>\n<ol>\n<li>R\u00e9fl\u00e9chir aux divers enjeux en lien avec la mission de M\u00c9MO-Qc;<\/li>\n<li>Planifier, organiser et r\u00e9aliser des actions qui r\u00e9pondent aux int\u00e9r\u00eats des membres;<\/li>\n<li>Appuyer les actions et les activit\u00e9s de mobilisation faites en concertation avec nos collaborateurs et nos alli\u00e9s;<\/li>\n<li>Appuyer les initiatives de mobilisation de M\u00c9MO-Qc que les membres jugent opportun de soutenir;<\/li>\n<\/ol>\n<p>Visant une r\u00e9appropriation des enjeux qui les concernent, ce Comit\u00e9 est constitu\u00e9<em> par, pour et avec <\/em>les personnes conjuguant avec une situation de handicap ou une mobilit\u00e9 r\u00e9duite, avec l\u2019objectif d\u2019\u00eatre le plus repr\u00e9sentatif et inclusif possible.<\/p>\n<p>Vous pourrez lire ci-dessous la pr\u00e9sentations des membres du CSDB-PSH. Vous constaterez que tous et toutes ont des int\u00e9r\u00eats vari\u00e9s en mati\u00e8re de revendications, mais partagent une volont\u00e9 commune de faire avancer les probl\u00e9matiques individuelles et syst\u00e9miques auxquelles les personnes ayant des limitations motrices sont confront\u00e9es.<\/p>\n<p><\/p>\n\n\n<h3>Grand Montr\u00e9al<\/h3>\n\n\n<p><strong><img loading=\"lazy\" class=\"size-medium wp-image-13602 alignleft\" src=\"http:\/\/www.moelleepiniere.com\/wp-content\/uploads\/2022\/07\/Elizabeth_Quesnel-100x150.jpg\" alt=\"Elizabeth Quesnel\" width=\"100\" height=\"150\" srcset=\"https:\/\/www.moelleepiniere.com\/wp-content\/uploads\/2022\/07\/Elizabeth_Quesnel-100x150.jpg 100w, https:\/\/www.moelleepiniere.com\/wp-content\/uploads\/2022\/07\/Elizabeth_Quesnel.jpg 263w\" sizes=\"(max-width: 100px) 100vw, 100px\" \/>Elizabeth Quesnel, 27 ans<\/strong><\/p>\n<p>J\u2019ai une paralysie c\u00e9r\u00e9brale et j\u2019\u00e9tudie en secr\u00e9tariat. Comme je suis d\u00e9j\u00e0 impliqu\u00e9e dans plusieurs projets sur l\u2019inclusion des personnes handicap\u00e9es, ma participation \u00e0 ce comit\u00e9 va de soi pour moi. C\u2019est dans la poursuite de ma mission de vie, celle de contribuer \u00e0 changer la perception des gens sur notre r\u00e9alit\u00e9 et faire \u00e9voluer le regard de notre soci\u00e9t\u00e9 envers nous.<\/p>\n<p>\u00a0<\/p>\n<p><img loading=\"lazy\" class=\"wp-image-13657  alignleft\" src=\"http:\/\/www.moelleepiniere.com\/wp-content\/uploads\/2022\/07\/Fati2.jpg\" alt=\"Fati\" width=\"101\" height=\"125\" \/><strong>Fati, 40 ans<\/strong><\/p>\n<p>Je suis une personne tr\u00e8s dynamique et ambitieuse. Depuis mon arriv\u00e9e au Canada en 2005, je n\u2019ai pas arr\u00eat\u00e9 de faire des progr\u00e8s sur le c\u00f4t\u00e9 personnel et professionnel, mais je ne r\u00e9alisais pas \u00e8 quel point une condition de sant\u00e9 peut \u00eatre un obstacle. \u00c0 l\u2019obtention de mon Bac en finance, j\u2019ai eu un poste de conseill\u00e8re \u00e0 la Banque Laurentienne apr\u00e8s quelques jours, mon corps a commenc\u00e9 \u00e0 r\u00e9agir d\u2019une mani\u00e8re tr\u00e8s bizarre.<\/p>\n<p>J\u2019ai constat\u00e9 que j\u2019ai des limitations physiques et que je dois m\u2019adapter avec cette situation, j\u2019ai essay\u00e9 beaucoup de techniques et des rem\u00e8des et j\u2019ai d\u00e9velopp\u00e9 un rythme de vie propre \u00e0 moi. J\u2019aimerai partager mon exp\u00e9rience avec vous et pouvoir aider, conseiller d\u2019autres personnes souffrant de la m\u00eame chose que moi.<\/p>\n<p>\u00a0<\/p>\n<p><img loading=\"lazy\" class=\"size-medium wp-image-13613 alignleft\" src=\"http:\/\/www.moelleepiniere.com\/wp-content\/uploads\/2022\/07\/Sylvain_Gamache-84x150.jpg\" alt=\"\" width=\"84\" height=\"150\" srcset=\"https:\/\/www.moelleepiniere.com\/wp-content\/uploads\/2022\/07\/Sylvain_Gamache-84x150.jpg 84w, https:\/\/www.moelleepiniere.com\/wp-content\/uploads\/2022\/07\/Sylvain_Gamache-281x500.jpg 281w, https:\/\/www.moelleepiniere.com\/wp-content\/uploads\/2022\/07\/Sylvain_Gamache.jpg 318w\" sizes=\"(max-width: 84px) 100vw, 84px\" \/><\/p>\n<p><strong>Sylvain Gamache, 65 ans<\/strong><\/p>\n<p>Je suis parapl\u00e9gique depuis 1983, avec une l\u00e9sion \u00e0 la moelle \u00e9pini\u00e8re, au niveau lombaire 1 et une d\u00e9chirure jusqu\u2019\u00e0 dorsale 10.<\/p>\n<p>J\u2019ai fait les \u00e9tudes suivantes : AEC conseiller en valeurs mobili\u00e8res au c\u00e9gep Maisonneuve, AEC R\u00e9seau et s\u00e9curit\u00e9 informatique au c\u00e9gep Lionel-Groulx et un Certificat en Cybers\u00e9curit\u00e9 des r\u00e9seaux \u00e0 Polytechnique. J\u2019ai occup\u00e9 divers emplois, dont plusieurs, dans le milieu communautaire. Depuis mon accident, je me suis impliqu\u00e9, b\u00e9n\u00e9volement, aupr\u00e8s de divers organismes, pour la mobilisation et la revendication des droits des personnes ayant une d\u00e9ficience.<\/p>\n<p>Plusieurs facettes de l\u2019accessibilit\u00e9 universelle me d\u00e9rangent encore aujourd\u2019hui, notamment : l\u2019acc\u00e8s \u00e0 l\u2019emploi, la R\u00e9gie des rentes du Qu\u00e9bec, l\u2019accessibilit\u00e9 en g\u00e9n\u00e9ral, etc. C\u2019est un plaisir, pour moi, de me joindre \u00e0 votre groupe. J\u2019esp\u00e8re que nous pourrons innover dans la fa\u00e7on de nous mobiliser et revendiquer, afin d\u2019am\u00e9liorer la qualit\u00e9 de vie des personnes vivant avec une d\u00e9ficience.<\/p>\n<p>\u00a0<\/p>\n<p><strong><img loading=\"lazy\" class=\"size-medium wp-image-13607 alignleft\" src=\"http:\/\/www.moelleepiniere.com\/wp-content\/uploads\/2022\/07\/Hafsa_Chaar-102x150.jpg\" alt=\"Hafsa Chaar\" width=\"102\" height=\"150\" srcset=\"https:\/\/www.moelleepiniere.com\/wp-content\/uploads\/2022\/07\/Hafsa_Chaar-102x150.jpg 102w, https:\/\/www.moelleepiniere.com\/wp-content\/uploads\/2022\/07\/Hafsa_Chaar-340x500.jpg 340w, https:\/\/www.moelleepiniere.com\/wp-content\/uploads\/2022\/07\/Hafsa_Chaar-768x1129.jpg 768w, https:\/\/www.moelleepiniere.com\/wp-content\/uploads\/2022\/07\/Hafsa_Chaar-1045x1536.jpg 1045w, https:\/\/www.moelleepiniere.com\/wp-content\/uploads\/2022\/07\/Hafsa_Chaar.jpg 1324w\" sizes=\"(max-width: 102px) 100vw, 102px\" \/><\/strong><strong>Hafsa Chaar 61 ans<\/strong><\/p>\n<p>J\u2019ai la Spina Bifida de naissance. Je voudrais m\u2019impliquer dans ce comit\u00e9 afin d\u2019aider \u00e0 faire avancer les dossiers des droits des personnes en situation de handicap \/ personnes ayant une d\u00e9ficience motrice et de mitiger les difficult\u00e9s qui se pr\u00e9sentent pour contrarier cet avancement.<\/p>\n<p>\u00a0<\/p>\n<p>\u00a0<\/p>\n<p><strong> <img loading=\"lazy\" class=\"size-medium wp-image-13610 alignleft\" src=\"http:\/\/www.moelleepiniere.com\/wp-content\/uploads\/2022\/07\/Maude-153x150.jpg\" alt=\"Maude\" width=\"153\" height=\"150\" srcset=\"https:\/\/www.moelleepiniere.com\/wp-content\/uploads\/2022\/07\/Maude-153x150.jpg 153w, https:\/\/www.moelleepiniere.com\/wp-content\/uploads\/2022\/07\/Maude-50x50.jpg 50w, https:\/\/www.moelleepiniere.com\/wp-content\/uploads\/2022\/07\/Maude-45x45.jpg 45w, https:\/\/www.moelleepiniere.com\/wp-content\/uploads\/2022\/07\/Maude.jpg 244w\" sizes=\"(max-width: 153px) 100vw, 153px\" \/><\/strong><strong>Maude, 29 ans<\/strong><\/p>\n<p>J\u2019ai une paralysie c\u00e9r\u00e9brale due \u00e0 un accident \u00e0 la naissance. Ma motivation \u00e0 m\u2019investir dans ce comit\u00e9 est n\u00e9e par un combat que je m\u00e8ne depuis mes 23 ans suite \u00e0 la co-fondation de mon organisme D\u00e9fPhys Sans Limite. Je souhaite obtenir une allocation pour pouvoir engager des accompagnateurs pour nos activit\u00e9s en dehors de notre domicile pour les personnes ayant une imitation motrice qui souhaitent mener une vie active. Militante convaincue et travailleuse engag\u00e9e, je contribue activement pour que les personnes en situation de handicap deviennent des personnes \u00e0 part enti\u00e8re.<\/p>\n<p>\u00a0<\/p>\n<p><strong><img loading=\"lazy\" class=\"size-medium wp-image-13608 alignleft\" src=\"http:\/\/www.moelleepiniere.com\/wp-content\/uploads\/2022\/07\/Marie_Julie_Dion-181x150.jpg\" alt=\"Marie Julie Dion\" width=\"181\" height=\"150\" srcset=\"https:\/\/www.moelleepiniere.com\/wp-content\/uploads\/2022\/07\/Marie_Julie_Dion-181x150.jpg 181w, https:\/\/www.moelleepiniere.com\/wp-content\/uploads\/2022\/07\/Marie_Julie_Dion-500x414.jpg 500w, https:\/\/www.moelleepiniere.com\/wp-content\/uploads\/2022\/07\/Marie_Julie_Dion.jpg 640w\" sizes=\"(max-width: 181px) 100vw, 181px\" \/>Marie Julie Dion, jeune cinquantaine<\/strong><\/p>\n<p>Bless\u00e9e m\u00e9dullaire L-1 depuis 2010, je suis une professionnelle, une universitaire et une m\u00e8re. Je suis passionn\u00e9e de chiffres, de finance et de psychologie et je suis en perp\u00e9tuelle qu\u00eate d\u2019apprentissage. Mon regard est aujourd\u2019hui\u00a0 teint\u00e9 de sagesse, de qui\u00e9tude et d\u2019\u00e9panouissement et je souhaite soupeser certains maux en mots afin de sensibiliser \u00ab notre \u00bb cause \u00e0 la belle province.<\/p>\n<p>\u00a0<\/p>\n<p><strong><img loading=\"lazy\" class=\"size-medium wp-image-13611 alignleft\" src=\"http:\/\/www.moelleepiniere.com\/wp-content\/uploads\/2022\/07\/Robert-200x113.jpg\" alt=\"Robert\" width=\"200\" height=\"113\" srcset=\"https:\/\/www.moelleepiniere.com\/wp-content\/uploads\/2022\/07\/Robert-200x113.jpg 200w, https:\/\/www.moelleepiniere.com\/wp-content\/uploads\/2022\/07\/Robert-500x281.jpg 500w, https:\/\/www.moelleepiniere.com\/wp-content\/uploads\/2022\/07\/Robert-768x432.jpg 768w, https:\/\/www.moelleepiniere.com\/wp-content\/uploads\/2022\/07\/Robert.jpg 1280w\" sizes=\"(max-width: 200px) 100vw, 200px\" \/>Robert, 62 ans<\/strong><\/p>\n<p>Je suis paralys\u00e9 des seins aux orteils depuis que je me suis fait op\u00e9rer pour des kystes sur le cervelet, dont un sur la moelle \u00e9pini\u00e8re. J&#8217;ai donc une l\u00e9sion entre le C4 et C5, je me d\u00e9place en fauteuil roulant \u00e9lectrique puisque je n&#8217;ai aucun \u00e9quilibre. Pour moi, se d\u00e9placer c&#8217;est imp\u00e9ratif. Je fais partie de 13 comit\u00e9s diff\u00e9rents et par mon exp\u00e9rience et mes connaissances, je pense que je suis un atout de bonne importance. Je fais partie entre autres du comit\u00e9 d&#8217;experts des CHSLD du Qu\u00e9bec, des maisons alternatives du Qu\u00e9bec et de Rivi\u00e8re-des-Prairies.<\/p>\n\n\n<div style=\"height:15px\" aria-hidden=\"true\" class=\"wp-block-spacer\"><\/div>\n\n\n\n<h3>Abitibi-T\u00e9miscamingue<\/h3>\n\n\n<p><img loading=\"lazy\" class=\"size-medium wp-image-13604 alignleft\" src=\"http:\/\/www.moelleepiniere.com\/wp-content\/uploads\/2022\/07\/Dominic_Piche-99x150.jpg\" alt=\"Dominic Pich\u00e9\" width=\"99\" height=\"150\" srcset=\"https:\/\/www.moelleepiniere.com\/wp-content\/uploads\/2022\/07\/Dominic_Piche-99x150.jpg 99w, https:\/\/www.moelleepiniere.com\/wp-content\/uploads\/2022\/07\/Dominic_Piche.jpg 303w\" sizes=\"(max-width: 99px) 100vw, 99px\" \/><\/p>\n<p><strong>Dominic Pich\u00e9, 39 ans<\/strong><\/p>\n<p>Je suis t\u00e9trapl\u00e9gique suite \u00e0 un accident de la route survenu en 2006. Je veux m\u2019impliquer dans ce comit\u00e9 pour contribuer \u00e0 faire la diff\u00e9rence pour les personnes bless\u00e9es m\u00e9dullaires du Qu\u00e9bec, et principalement dans ma belle r\u00e9gion de l\u2019Abitibi-T\u00e9miscamingue. Je souhaite notamment favoriser l\u2019accessibilit\u00e9 aux soins et la participation dans la communaut\u00e9.<\/p>\n\n\n<div style=\"height:15px\" aria-hidden=\"true\" class=\"wp-block-spacer\"><\/div>\n\n\n\n<h3>Outaouais<\/h3>\n\n\n<p><strong><img loading=\"lazy\" class=\"wp-image-13655  alignleft\" src=\"http:\/\/www.moelleepiniere.com\/wp-content\/uploads\/2022\/07\/Christine2.jpg\" alt=\"Christine\" width=\"124\" height=\"141\"\/>Christine, 50 ans et plus<\/strong><\/p>\n<p>Je suis une personne en situation de handicap physique. Ma motivation \u00e0 m&#8217;investir dans ce comit\u00e9 vient de plus de 30 ans \u00e0 revendiquer de gouvernement en gouvernement pour le &#8220;droit d&#8217;\u00e9gal acc\u00e8s&#8221; \u00e0 la reconnaissance socio-\u00e9conomique ; tel qu&#8217;\u00e0 un revenu d\u00e9cent, \u00e0 des prestations d&#8217;invalidit\u00e9 et de retraite \u00e9quitables sans p\u00e9nalit\u00e9s, \u00e0 un manque flagrant de stationnements r\u00e9serv\u00e9s et respect\u00e9s, aux principes d&#8217;accessibilit\u00e9 universelle qui doivent \u00eatre mis en place et bien d&#8217;autres. Nous avons tous un r\u00f4le \u00e0 jouer o\u00f9 que l&#8217;on soit dans la soci\u00e9t\u00e9.&nbsp; C&#8217;est ensemble que l&#8217;on provoque les changements.&nbsp; Les luttes qui se gagnent sont celles que l\u2019on n\u2019abandonne pas.<\/p>\n\n\n<div style=\"height:15px\" aria-hidden=\"true\" class=\"wp-block-spacer\"><\/div>\n\n\n\n<h3>Saguenay &#8211; Lac-Saint-Jean<\/h3>\n\n\n<p><img loading=\"lazy\" class=\"size-medium wp-image-13612 alignleft\" src=\"http:\/\/www.moelleepiniere.com\/wp-content\/uploads\/2022\/07\/Samuel-150x150.jpg\" alt=\"Samuel\" width=\"150\" height=\"150\" srcset=\"https:\/\/www.moelleepiniere.com\/wp-content\/uploads\/2022\/07\/Samuel-150x150.jpg 150w, https:\/\/www.moelleepiniere.com\/wp-content\/uploads\/2022\/07\/Samuel-500x500.jpg 500w, https:\/\/www.moelleepiniere.com\/wp-content\/uploads\/2022\/07\/Samuel-50x50.jpg 50w, https:\/\/www.moelleepiniere.com\/wp-content\/uploads\/2022\/07\/Samuel-768x768.jpg 768w, https:\/\/www.moelleepiniere.com\/wp-content\/uploads\/2022\/07\/Samuel-1536x1536.jpg 1536w, https:\/\/www.moelleepiniere.com\/wp-content\/uploads\/2022\/07\/Samuel-45x45.jpg 45w, https:\/\/www.moelleepiniere.com\/wp-content\/uploads\/2022\/07\/Samuel.jpg 2048w\" sizes=\"(max-width: 150px) 100vw, 150px\" \/><\/p>\n<p><strong>Samuel, 28 ans<\/strong><\/p>\n<p>Je suis t\u00e9trapl\u00e9gique depuis 8 ans. Les raisons qui m\u2019am\u00e8nent \u00e0 me mobiliser pour la justice des personnes ayant une d\u00e9ficience physique sont l&#8217;accessibilit\u00e9 universelle, les enjeux politiques et l\u00e9gaux ainsi que les droits associ\u00e9s aux soins de sant\u00e9. Toutefois, je crois que mes forces seront plus mises \u00e0 profit lors de r\u00e9flexion que de l\u2019action.<\/p>\n\n\n<div style=\"height:15px\" aria-hidden=\"true\" class=\"wp-block-spacer\"><\/div>\n\n\n\n<h3>Estrie<\/h3>\n\n\n<p><img loading=\"lazy\" class=\"size-medium wp-image-13614 alignleft\" src=\"http:\/\/www.moelleepiniere.com\/wp-content\/uploads\/2022\/07\/Valerie_Guimond-113x150.jpg\" alt=\"Val\u00e9rie Guimond\" width=\"113\" height=\"150\" srcset=\"https:\/\/www.moelleepiniere.com\/wp-content\/uploads\/2022\/07\/Valerie_Guimond-113x150.jpg 113w, https:\/\/www.moelleepiniere.com\/wp-content\/uploads\/2022\/07\/Valerie_Guimond-375x500.jpg 375w, https:\/\/www.moelleepiniere.com\/wp-content\/uploads\/2022\/07\/Valerie_Guimond-768x1024.jpg 768w, https:\/\/www.moelleepiniere.com\/wp-content\/uploads\/2022\/07\/Valerie_Guimond-1152x1536.jpg 1152w, https:\/\/www.moelleepiniere.com\/wp-content\/uploads\/2022\/07\/Valerie_Guimond.jpg 1536w\" sizes=\"(max-width: 113px) 100vw, 113px\" \/><strong>Val\u00e9rie Guimond, 47ans<\/strong><\/p>\n<p>Je suis parapl\u00e9gique suite \u00e0 une blessure \u00e0 la moelle \u00e9pini\u00e8re caus\u00e9e pas un accident d&#8217;automobile. Ma motivation \u00e0 m\u2019investir dans ce comit\u00e9 est n\u00e9e de par une grande motivation \u00e0 rendre la vie meilleure aux bless\u00e9s m\u00e9dullaires et \u00e0 leur permettre de vivre une vie \u00e0 la hauteur de leurs attentes. Depuis toujours, je suis une fervente d\u00e9fenderesse des droits pour les personnes handicap\u00e9es \u00e0 tous les niveaux, sports, travail, famille, loisirs et autonomie financi\u00e8re.<\/p>\n\n\n<div style=\"height:15px\" aria-hidden=\"true\" class=\"wp-block-spacer\"><\/div>\n\n\n\n<h3>Chaudi\u00e8re-Appalaches<\/h3>\n\n\n<p><img loading=\"lazy\" class=\"wp-image-13656  alignleft\" src=\"http:\/\/www.moelleepiniere.com\/wp-content\/uploads\/2022\/07\/Eric_Hebert2.jpg\" alt=\"\u00c9ric H\u00e9bert\" width=\"113\" height=\"117\"\/><\/p>\n<p><strong>\u00c9ric H\u00e9bert, 57 ans<\/strong><\/p>\n<p>J&#8217;ai eu un accident de saut en ski en 1982 \u00e0 l&#8217;\u00e2ge de 17 ans. Depuis je me d\u00e9place en fauteuil roulant \u00e0 cause de ma parapl\u00e9gie au niveau D4-D5.<\/p>\n<p>&nbsp;Je suis retrait\u00e9 depuis 2014. J&#8217;ai travaill\u00e9 pr\u00e8s de 30 ans au F\u00e9d\u00e9ral \u00e0 Ottawa comme technicien en architecture et expert en accessibilit\u00e9.&nbsp; J&#8217;ai \u00e9t\u00e9 impliqu\u00e9 dans toutes les r\u00e9sidences officielles telles que la maison du premier ministre. Ma sp\u00e9cialit\u00e9 \u00e9tait l&#8217;accessibilit\u00e9. J&#8217;ai fait plusieurs plans, rapports et corrections des plans sur ce sujet.&nbsp; Aussi j&#8217;ai si\u00e9g\u00e9 sur plusieurs comit\u00e9s interminist\u00e9riels sur le m\u00eame sujet, et j&#8217;ai \u00e9t\u00e9 conf\u00e9rencier sur le plan international et national.<\/p>\n<p>Je veux participer au Comit\u00e9 afin d&#8217;aider aux revendications des participants aussi que pour m&#8217;aider \u00e0 d\u00e9fendre les droits de la personne aupr\u00e8s des organismes ci-haut mentionn\u00e9s. On doit se mobiliser avec d\u2019autres associations&nbsp;tel que les a\u00een\u00e9s, les familles qui ont de jeunes enfants, ceux qui ont des maladies, etc. N&#8217;oublions pas que la plupart de nos revendications sont par rapport \u00e0 l&#8217;accessibilit\u00e9.&nbsp;<\/p>\n\n\n<div style=\"height:15px\" aria-hidden=\"true\" class=\"wp-block-spacer\"><\/div>\n\n\n\n<h3>Mont\u00e9r\u00e9gie<\/h3>\n\n\n<p><img loading=\"lazy\" class=\"size-medium wp-image-13609 alignleft\" src=\"http:\/\/www.moelleepiniere.com\/wp-content\/uploads\/2022\/07\/Marie-Chantale-150x150.jpg\" alt=\"Marie-Chantale\" width=\"150\" height=\"150\" srcset=\"https:\/\/www.moelleepiniere.com\/wp-content\/uploads\/2022\/07\/Marie-Chantale-150x150.jpg 150w, https:\/\/www.moelleepiniere.com\/wp-content\/uploads\/2022\/07\/Marie-Chantale-50x50.jpg 50w, https:\/\/www.moelleepiniere.com\/wp-content\/uploads\/2022\/07\/Marie-Chantale-45x45.jpg 45w, https:\/\/www.moelleepiniere.com\/wp-content\/uploads\/2022\/07\/Marie-Chantale.jpg 464w\" sizes=\"(max-width: 150px) 100vw, 150px\" \/><\/p>\n<p><strong>Marie-Chantale, 45 ans<\/strong>&nbsp;<\/p>\n<p>Je suis avocate (qui ne pratique malheureusement plus depuis mon accident) devenue t\u00e9trapl\u00e9gique compl\u00e8te (C4-C5-C6) lors d\u2019une baignade dans l\u2019oc\u00e9an en Californie en 2015. J\u2019ai l\u2019impression de me battre tous les jours pour faire valoir mes droits et besoins, que ce soit pour mes soins, le transport adapt\u00e9, les adaptations domiciliaires, mon droit de vote, mon accessibilit\u00e9 \u00e0 un b\u00e2timent, le refus de couverture des programmes gouvernementaux pour du mat\u00e9riel ou des \u00e9quipements m\u00e9dicaux associ\u00e9s \u00e0 ma condition, l\u2019absence de suivi apr\u00e8s la r\u00e9adaptation, etc. De plus, il y a tant d\u2019iniquit\u00e9s et disparit\u00e9s de traitements d\u00e9pendamment de l\u2019agent payeur associ\u00e9 \u00e0 la source de notre accident que \u00e7a en devient f\u00e2chant, particuli\u00e8rement &nbsp;lorsque notre accident est uniquement couvert par la RAMQ. Je souhaiterais tellement que le traitement soit identique ind\u00e9pendamment de la source de notre accident.&nbsp;<\/p>\n<p>Lorsque M\u00e9mo Qu\u00e9bec m\u2019a approch\u00e9e pour faire partie du comit\u00e9, j\u2019\u00e9tais bien contente puisque les buts et valeurs du comit\u00e9 concordent avec les miens et avec ma r\u00e9alit\u00e9. Je souhaite que ma participation au comit\u00e9 permette \u00e0 plusieurs&nbsp;de b\u00e9n\u00e9ficier de mon exp\u00e9rience et des gains que j\u2019ai pu obtenir \u00e0 force de me battre contre le syst\u00e8me. Au plaisir de faire avancer les choses au profit de l\u2019ensemble des bless\u00e9s m\u00e9dullaires.<\/p>","protected":false},"excerpt":{"rendered":"<p>Mars 2022 a sonn\u00e9 le retour en force du comit\u00e9 de mobilisation de Moelle \u00e9pini\u00e8re et motricit\u00e9 Qu\u00e9bec, nouvellement baptis\u00e9<\/p>\n","protected":false},"author":1,"featured_media":0,"parent":0,"menu_order":0,"comment_status":"closed","ping_status":"closed","template":"","meta":{"_monsterinsights_skip_tracking":false,"_monsterinsights_sitenote_active":false,"_monsterinsights_sitenote_note":"","_monsterinsights_sitenote_category":0},"_links":{"self":[{"href":"https:\/\/www.moelleepiniere.com\/en\/wp-json\/wp\/v2\/pages\/13601"}],"collection":[{"href":"https:\/\/www.moelleepiniere.com\/en\/wp-json\/wp\/v2\/pages"}],"about":[{"href":"https:\/\/www.moelleepiniere.com\/en\/wp-json\/wp\/v2\/types\/page"}],"author":[{"embeddable":true,"href":"https:\/\/www.moelleepiniere.com\/en\/wp-json\/wp\/v2\/users\/1"}],"replies":[{"embeddable":true,"href":"https:\/\/www.moelleepiniere.com\/en\/wp-json\/wp\/v2\/comments?post=13601"}],"version-history":[{"count":12,"href":"https:\/\/www.moelleepiniere.com\/en\/wp-json\/wp\/v2\/pages\/13601\/revisions"}],"predecessor-version":[{"id":13782,"href":"https:\/\/www.moelleepiniere.com\/en\/wp-json\/wp\/v2\/pages\/13601\/revisions\/13782"}],"wp:attachment":[{"href":"https:\/\/www.moelleepiniere.com\/en\/wp-json\/wp\/v2\/media?parent=13601"}],"curies":[{"name":"wp","href":"https:\/\/api.w.org\/{rel}","templated":true}]}}