{"id":1195,"date":"2011-06-10T21:30:17","date_gmt":"2011-06-11T02:30:17","guid":{"rendered":"http:\/\/www.paraquad.qc.ca\/memoqc\/?p=1567"},"modified":"2026-04-30T11:58:39","modified_gmt":"2026-04-30T16:58:39","slug":"dossiers-collectifs","status":"publish","type":"page","link":"https:\/\/www.moelleepiniere.com\/en\/our-services\/defense-of-rights\/dossiers-collectifs\/","title":{"rendered":"Collective Advocacy Projects"},"content":{"rendered":"<p><br \/><strong>M\u00c9MO-Qc prend de l\u2019avance pour influencer les programmes des partis<\/strong><br \/><br \/>Depuis janvier, l\u2019\u00c9quipe de d\u00e9fense des droits rencontre les principaux partis politiques provinciaux afin de leur proposer des engagements \u00e9lectoraux en faveur des droits et int\u00e9r\u00eats des personnes en situation de handicap.<br \/>Logement, soins de sant\u00e9, accessibilit\u00e9 universelle, employabilit\u00e9 et repr\u00e9sentation institutionnelle sont les cinq grands th\u00e8mes qui regroupent une vingtaine de propositions.<\/p>\n\n\n\n<p><br \/>En plus d\u2019influencer le contenu des plateformes \u00e9lectorales, l\u2019\u00e9quipe vous convie \u00e0 un panel avec des candidats pour connaitre les engagements de leur parti dans le cadre des Journ\u00e9e qu\u00e9b\u00e9coises des l\u00e9sions m\u00e9dullaires lundi 21 septembre.<\/p>\n\n\n\n<p><br \/>Notre pouvoir citoyen peut s\u2019exercer plus souvent qu\u2019aux 4 ans!<\/p>\n\n\n\n<p><br \/>Contactez Ariane Gauthier-Tremblay pour vous impliquer au agauthier-tremblay@moelleepiniere.com ou au 514-341-7272 poste 240.<\/p>\n\n\n\n<div class=\"wp-block-file\"><object class=\"wp-block-file__embed\" data=\"https:\/\/www.moelleepiniere.com\/wp-content\/uploads\/2026\/04\/Propositions-dengagements-e\u0301lectoraux-2026-ME\u0301MO-Qc.pdf\" type=\"application\/pdf\" style=\"width:100%;height:600px\" aria-label=\"Contenu embarqu\u00e9 Propositions-dengagements-e\u0301lectoraux-2026-ME\u0301MO-Qc.\"><\/object><a href=\"https:\/\/www.moelleepiniere.com\/wp-content\/uploads\/2026\/04\/Propositions-dengagements-e\u0301lectoraux-2026-ME\u0301MO-Qc.pdf\">Propositions-dengagements-e\u0301lectoraux-2026-ME\u0301MO-Qc<\/a><a href=\"https:\/\/www.moelleepiniere.com\/wp-content\/uploads\/2026\/04\/Propositions-dengagements-e\u0301lectoraux-2026-ME\u0301MO-Qc.pdf\" class=\"wp-block-file__button\" download>T\u00e9l\u00e9charger<\/a><\/div>\n\n\n\n<figure class=\"wp-block-image size-large is-resized\"><img loading=\"lazy\" src=\"https:\/\/www.moelleepiniere.com\/wp-content\/uploads\/2023\/10\/2023-09-30-Campagne-mes-seins-Banniere-FB-500x185.jpeg\" alt=\"\" class=\"wp-image-15799\" width=\"841\" height=\"311\" srcset=\"https:\/\/www.moelleepiniere.com\/wp-content\/uploads\/2023\/10\/2023-09-30-Campagne-mes-seins-Banniere-FB-500x185.jpeg 500w, https:\/\/www.moelleepiniere.com\/wp-content\/uploads\/2023\/10\/2023-09-30-Campagne-mes-seins-Banniere-FB-200x74.jpeg 200w, https:\/\/www.moelleepiniere.com\/wp-content\/uploads\/2023\/10\/2023-09-30-Campagne-mes-seins-Banniere-FB-768x284.jpeg 768w, https:\/\/www.moelleepiniere.com\/wp-content\/uploads\/2023\/10\/2023-09-30-Campagne-mes-seins-Banniere-FB-1536x569.jpeg 1536w, https:\/\/www.moelleepiniere.com\/wp-content\/uploads\/2023\/10\/2023-09-30-Campagne-mes-seins-Banniere-FB.jpeg 1702w\" sizes=\"(max-width: 841px) 100vw, 841px\" \/><\/figure>\n\n\n<p><img loading=\"lazy\" class=\"aligncenter size-full wp-image-2103\" title=\"Our services\" src=\"https:\/\/www.moelleepiniere.com\/wp-content\/uploads\/2011\/02\/Our-services.jpg\" alt=\"\" width=\"600\" height=\"133\"\/><\/p>\n<p>Although a lot of progress has been made in recent decades, the inclusion of disabled people is not yet been fully realized in our society. Indeed, various social factors do not promote full citizen participation of people with disabilities in the community and one of the missions of our organization is to enable our members to collectively advocate for their needs as a strong, unified voice.<br \/>Since its inception, with its expertise on the realities of people with spinal cord injuries, MEMO-Qc has promoted and continues to promote the needs of its members in public forums, both through associations and advocating in government decision making. Together with partners from different backgrounds, our constant influence improves the lives of people with spinal cord injuries and all persons with disabilities.<br \/>Interventions in defense of collective rights are diverse and can take many forms, including:<\/p>\n<ul>\n<li>Participation in various committees and round tables;<\/li>\n<li>Information, training, awareness and mobilization of our members (and the public) regarding the various issues that affect them;<\/li>\n<li>Representations to different government bodies;<\/li>\n<li>Direct interventions in the design and revision of programs or policies that affect the needs and quality of life for our members.<\/li>\n<\/ul>\n<p>Here are some examples of various issues with which MEMO-Qc is involved. For more information on programs, insurance coverage or any other issue addressed here, please refer to the section <strong>topics of interest<\/strong> or contact us.<\/p>\n<ul>\n<li>Accessibility<\/li>\n<li>Residential Adaptation<\/li>\n<li>Residential Resources<\/li>\n<li>Vehicle Adaptation<\/li>\n<li>Transportation Network<\/li>\n<li>Adapted Transport<\/li>\n<li>Accessibility of Public Places<\/li>\n<li>Parking<\/li>\n<li>Health and Social Services<\/li>\n<li>Home Help Services<\/li>\n<li>Access to Health Care<\/li>\n<li>Material Resources<\/li>\n<li>Urological Supplies<\/li>\n<li>Mobility Aids<\/li>\n<li>Coverage Guidelines<\/li>\n<li>Disability pension : after the conference given about discrimination applied to the beneficiaries of the disability pension when they become 65 by Me Andr\u00e9 Laporte, Ad. E. associ\u00e9 principal de la firme Laporte &amp; Lavall\u00e9e on December 13th 2021, find here below a <strong>FAQ<\/strong> answering most of the questions you can have on the subject (all the questions and answers are written in French).<em>&nbsp;&nbsp;<\/em><\/li>\n<\/ul>\n<p>List of questions :<\/p>\n<ol>\n<li><a href=\"http:\/\/www.moelleepiniere.com\/wp-content\/uploads\/2022\/02\/Foire-aux-questions_Rente-de-retraite-et-discrimination.pdf\">Questions g\u00e9n\u00e9rales sur la p\u00e9nalit\u00e9<\/a><\/li>\n<li><a href=\"http:\/\/www.moelleepiniere.com\/wp-content\/uploads\/2022\/02\/Foire-aux-questions_Rente-de-retraite-et-discrimination.pdf\">Texte l\u00e9gislatif \u00e0 l\u2019origine de la p\u00e9nalit\u00e9<\/a><\/li>\n<li><a href=\"http:\/\/www.moelleepiniere.com\/wp-content\/uploads\/2022\/02\/Foire-aux-questions_Rente-de-retraite-et-discrimination.pdf\">Quels sont les effets et le m\u00e9canisme de la p\u00e9nalit\u00e9 ?<\/a><\/li>\n<li><a href=\"http:\/\/www.moelleepiniere.com\/wp-content\/uploads\/2022\/02\/Foire-aux-questions_Rente-de-retraite-et-discrimination.pdf\">Est-ce vrai que le programme de la S\u00e9curit\u00e9 de la vieillesse (incluant le suppl\u00e9ment de revenu garanti) offert par le gouvernement f\u00e9d\u00e9ral compense les pertes financi\u00e8res d\u00e9coulant de la p\u00e9nalit\u00e9 ?<\/a><\/li>\n<li><a href=\"http:\/\/www.moelleepiniere.com\/wp-content\/uploads\/2022\/02\/Foire-aux-questions_Rente-de-retraite-et-discrimination.pdf\">Au niveau du r\u00e9gime des pensions du Canada et dans les autres provinces, est-ce que les m\u00eames p\u00e9nalit\u00e9s s\u2019appliquent ?<\/a><\/li>\n<li><a href=\"http:\/\/www.moelleepiniere.com\/wp-content\/uploads\/2022\/02\/Foire-aux-questions_Rente-de-retraite-et-discrimination.pdf\">Si une personne re\u00e7oit une RI \u00e0 40 ans et qu\u2019elle a maintenant 65 ans, la p\u00e9nalit\u00e9 s\u2019appliquera-t-elle \u00e0 partir de 40 ans ou de 60 ans ?<\/a><\/li>\n<li><a href=\"http:\/\/Est-ce qu\u2019on peut renoncer \u00e0 percevoir la RI entre 60 et 65 ans pour ne pas avoir de p\u00e9nalit\u00e9s sur notre RR?\" error=\"true\" class=\"broken_link\">Est-ce qu\u2019on peut renoncer \u00e0 percevoir la RI entre 60 et 65 ans pour ne pas avoir de p\u00e9nalit\u00e9s sur notre RR?<\/a><\/li>\n<li><a href=\"http:\/\/www.moelleepiniere.com\/wp-content\/uploads\/2022\/02\/Foire-aux-questions_Rente-de-retraite-et-discrimination.pdf\">Int\u00e9gration de la RI : Si mon assurance priv\u00e9e ou la SAAQ m\u2019oblige \u00e0 r\u00e9clamer la RI ou la RR, pour avoir droit aux prestations d\u2019invalidit\u00e9, vais-je subir la p\u00e9nalit\u00e9 \u00e0 65 ans?<\/a><\/li>\n<li><a href=\"http:\/\/www.moelleepiniere.com\/wp-content\/uploads\/2022\/02\/Foire-aux-questions_Rente-de-retraite-et-discrimination.pdf\">Questions sur les recours pr\u00e9sentement au TAQ et devant la CS.<\/a><\/li>\n<li><a href=\"http:\/\/www.moelleepiniere.com\/wp-content\/uploads\/2022\/02\/Foire-aux-questions_Rente-de-retraite-et-discrimination.pdf\">Comment M\u00c9MO-Qc en est-il venu \u00e0 supporter ce dossier ?<\/a><\/li>\n<li><a href=\"http:\/\/www.moelleepiniere.com\/wp-content\/uploads\/2022\/02\/Foire-aux-questions_Rente-de-retraite-et-discrimination.pdf\">Description des recours en cours : Quels recours sont pr\u00e9sentement en cours ?<\/a><\/li>\n<\/ol>\n<ul>\n<li><a href=\"http:\/\/www.moelleepiniere.com\/wp-content\/uploads\/2022\/02\/Foire-aux-questions_Rente-de-retraite-et-discrimination.pdf\">Recours collectif de 2021<\/a><\/li>\n<li><a href=\"http:\/\/www.moelleepiniere.com\/wp-content\/uploads\/2022\/02\/Foire-aux-questions_Rente-de-retraite-et-discrimination.pdf\">Recours individuels devant le TAQ<\/a><\/li>\n<\/ul>\n<ol start=\"10\">\n<li><a href=\"http:\/\/www.moelleepiniere.com\/wp-content\/uploads\/2022\/02\/Foire-aux-questions_Rente-de-retraite-et-discrimination.pdf\">Les cas types : Qui sont les requ\u00e9rants dans les recours individuels et en quoi la diversit\u00e9 de leurs profils est-elle importante?<\/a><\/li>\n<li><a href=\"http:\/\/www.moelleepiniere.com\/wp-content\/uploads\/2022\/02\/Foire-aux-questions_Rente-de-retraite-et-discrimination.pdf\">Impact des recours en cours : Les conclusions de ces recours auront-elles des impacts sur moi ?<\/a><\/li>\n<li><a href=\"http:\/\/www.moelleepiniere.com\/wp-content\/uploads\/2022\/02\/Foire-aux-questions_Rente-de-retraite-et-discrimination.pdf\">Effet r\u00e9troactif des recours en cours : Les personnes de plus de 60 ans n\u2019ayant pas particip\u00e9 au recours vont-elles cesser de subir les p\u00e9nalit\u00e9s et seront-elles rembours\u00e9es pour les p\u00e9nalit\u00e9s d\u00e9j\u00e0 pay\u00e9es?<\/a><\/li>\n<li><a href=\"http:\/\/www.moelleepiniere.com\/wp-content\/uploads\/2022\/02\/Foire-aux-questions_Rente-de-retraite-et-discrimination.pdf\">Quand verrons-nous les conclusions du jugement ?<\/a><\/li>\n<li><a href=\"http:\/\/www.moelleepiniere.com\/wp-content\/uploads\/2022\/02\/Foire-aux-questions_Rente-de-retraite-et-discrimination.pdf\">Recours possible pour la contestation de la diminution des prestations<\/a><\/li>\n<li><a href=\"http:\/\/www.moelleepiniere.com\/wp-content\/uploads\/2022\/02\/Foire-aux-questions_Rente-de-retraite-et-discrimination.pdf\">\u00c9tapes de la contestation : Quelles sont les \u00e9tapes \u00e0 suivre pour esp\u00e9rer profiter des effets des recours en instances au TAQ ?<\/a><\/li>\n<li><a href=\"http:\/\/www.moelleepiniere.com\/wp-content\/uploads\/2022\/02\/Foire-aux-questions_Rente-de-retraite-et-discrimination.pdf\">Quand dois-je faire ma contestation?<\/a><\/li>\n<li><a href=\"http:\/\/www.moelleepiniere.com\/wp-content\/uploads\/2022\/02\/Foire-aux-questions_Rente-de-retraite-et-discrimination.pdf\">Puis-je faire ma contestation avant la r\u00e9ception de l\u2019Avis de modification, par exemple si je re\u00e7ois un simple avis m\u2019informant des changements qui s\u2019appliqueront \u00e0 ma RI?<\/a><\/li>\n<li><a href=\"http:\/\/www.moelleepiniere.com\/wp-content\/uploads\/2022\/02\/Foire-aux-questions_Rente-de-retraite-et-discrimination.pdf\">Dans un recours au TAQ ou \u00e0 la R\u00e9RQ, dois-je \u00eatre repr\u00e9sent\u00e9 par un avocat? Est-ce pertinent de se faire repr\u00e9senter par un avocat?<\/a><\/li>\n<li><a href=\"http:\/\/www.moelleepiniere.com\/wp-content\/uploads\/2022\/02\/Foire-aux-questions_Rente-de-retraite-et-discrimination.pdf\">Votre d\u00e9lai de contestation est d\u00e9pass\u00e9.<\/a><\/li>\n<li><a href=\"http:\/\/www.moelleepiniere.com\/wp-content\/uploads\/2022\/02\/Foire-aux-questions_Rente-de-retraite-et-discrimination.pdf\">Recours r\u00e9siduels : Vous avez re\u00e7u la d\u00e9cision de Retraite Qu\u00e9bec de diminuer vos prestations et votre recours au TAQ est \u00e9chu, quels recours vous reste-t-il?<\/a><\/li>\n<li><a href=\"http:\/\/www.moelleepiniere.com\/wp-content\/uploads\/2022\/02\/Foire-aux-questions_Rente-de-retraite-et-discrimination.pdf\">Questions g\u00e9n\u00e9rales sur les rentes d\u2019invalidit\u00e9.<\/a><\/li>\n<li><a href=\"http:\/\/www.moelleepiniere.com\/wp-content\/uploads\/2022\/02\/Foire-aux-questions_Rente-de-retraite-et-discrimination.pdf\">Pour \u00eatre admissible aux prestations de la RI, il faut \u00eatre atteint d\u2019une invalidit\u00e9 grave et prolong\u00e9e. Que veut dire la Loi par \u00ab grave et prolong\u00e9e \u00bb?<\/a><\/li>\n<li><a href=\"http:\/\/www.moelleepiniere.com\/wp-content\/uploads\/2022\/02\/Foire-aux-questions_Rente-de-retraite-et-discrimination.pdf\">Revenu de base : Une personne de moins de 65 ans percevant la RI peut-elle travailler sans que le montant de sa RI diminue?<\/a><\/li>\n<li><a href=\"http:\/\/www.moelleepiniere.com\/wp-content\/uploads\/2022\/02\/Foire-aux-questions_Rente-de-retraite-et-discrimination.pdf\">Que prend en compte Retraite Qu\u00e9bec pour calculer la RI avant 65 ans?<\/a><\/li>\n<li><a href=\"http:\/\/www.moelleepiniere.com\/wp-content\/uploads\/2022\/02\/Foire-aux-questions_Rente-de-retraite-et-discrimination.pdf\">Annexe 1 : Exemple d\u2019Avis de modification officielle de RQ visant la diminution de vos prestations \u00e0 65 ans VS un simple avis.<\/a><\/li>\n<\/ol>\n<p>Find here Me Laporte&#8217;s presentation :<\/p>\n<p><a href=\"http:\/\/www.moelleepiniere.com\/wp-content\/uploads\/2022\/02\/PowerPoint_Me-Laporte_Loi-sur-le-regime-des-rentes-du-Quebec.pptx\"><img loading=\"lazy\" class=\"alignnone size-medium wp-image-12877\" src=\"http:\/\/www.moelleepiniere.com\/wp-content\/uploads\/2022\/02\/power-point-me-laporte-200x150.jpg\" alt=\"\" width=\"200\" height=\"150\" srcset=\"https:\/\/www.moelleepiniere.com\/wp-content\/uploads\/2022\/02\/power-point-me-laporte-200x150.jpg 200w, https:\/\/www.moelleepiniere.com\/wp-content\/uploads\/2022\/02\/power-point-me-laporte-500x375.jpg 500w, https:\/\/www.moelleepiniere.com\/wp-content\/uploads\/2022\/02\/power-point-me-laporte-768x575.jpg 768w, https:\/\/www.moelleepiniere.com\/wp-content\/uploads\/2022\/02\/power-point-me-laporte.jpg 981w\" sizes=\"(max-width: 200px) 100vw, 200px\" \/><\/a><\/p>\n<p><\/p>","protected":false},"excerpt":{"rendered":"<p>M\u00c9MO-Qc prend de l\u2019avance pour influencer les programmes des partis Depuis janvier, l\u2019\u00c9quipe de d\u00e9fense des droits rencontre les principaux<\/p>\n","protected":false},"author":1,"featured_media":0,"parent":63,"menu_order":3,"comment_status":"closed","ping_status":"closed","template":"","meta":{"_monsterinsights_skip_tracking":false,"_monsterinsights_sitenote_active":false,"_monsterinsights_sitenote_note":"","_monsterinsights_sitenote_category":0},"_links":{"self":[{"href":"https:\/\/www.moelleepiniere.com\/en\/wp-json\/wp\/v2\/pages\/1195"}],"collection":[{"href":"https:\/\/www.moelleepiniere.com\/en\/wp-json\/wp\/v2\/pages"}],"about":[{"href":"https:\/\/www.moelleepiniere.com\/en\/wp-json\/wp\/v2\/types\/page"}],"author":[{"embeddable":true,"href":"https:\/\/www.moelleepiniere.com\/en\/wp-json\/wp\/v2\/users\/1"}],"replies":[{"embeddable":true,"href":"https:\/\/www.moelleepiniere.com\/en\/wp-json\/wp\/v2\/comments?post=1195"}],"version-history":[{"count":31,"href":"https:\/\/www.moelleepiniere.com\/en\/wp-json\/wp\/v2\/pages\/1195\/revisions"}],"predecessor-version":[{"id":19403,"href":"https:\/\/www.moelleepiniere.com\/en\/wp-json\/wp\/v2\/pages\/1195\/revisions\/19403"}],"up":[{"embeddable":true,"href":"https:\/\/www.moelleepiniere.com\/en\/wp-json\/wp\/v2\/pages\/63"}],"wp:attachment":[{"href":"https:\/\/www.moelleepiniere.com\/en\/wp-json\/wp\/v2\/media?parent=1195"}],"curies":[{"name":"wp","href":"https:\/\/api.w.org\/{rel}","templated":true}]}}