{"id":11446,"date":"2021-02-02T09:23:57","date_gmt":"2021-02-02T14:23:57","guid":{"rendered":"http:\/\/www.moelleepiniere.com\/?page_id=11446"},"modified":"2023-09-25T21:03:09","modified_gmt":"2023-09-26T02:03:09","slug":"special-75e-anniversaire-2","status":"publish","type":"page","link":"https:\/\/www.moelleepiniere.com\/en\/calendar\/special-75e-anniversaire-2\/","title":{"rendered":"Recollection of our 75th Anniversary"},"content":{"rendered":"<div class=\"wp-block-image\"><figure class=\"aligncenter size-large\"><img loading=\"lazy\" width=\"500\" height=\"310\" src=\"http:\/\/www.moelleepiniere.com\/wp-content\/uploads\/2021\/01\/75_MEMQ_PANTONE-500x310.png\" alt=\"\" class=\"wp-image-11401\" srcset=\"https:\/\/www.moelleepiniere.com\/wp-content\/uploads\/2021\/01\/75_MEMQ_PANTONE-500x310.png 500w, https:\/\/www.moelleepiniere.com\/wp-content\/uploads\/2021\/01\/75_MEMQ_PANTONE-200x124.png 200w, https:\/\/www.moelleepiniere.com\/wp-content\/uploads\/2021\/01\/75_MEMQ_PANTONE-768x477.png 768w, https:\/\/www.moelleepiniere.com\/wp-content\/uploads\/2021\/01\/75_MEMQ_PANTONE-1536x953.png 1536w, https:\/\/www.moelleepiniere.com\/wp-content\/uploads\/2021\/01\/75_MEMQ_PANTONE.png 1868w\" sizes=\"(max-width: 500px) 100vw, 500px\" \/><\/figure><\/div>\n\n\n\n<p><\/p>\n\n\n\n<p>(in French) <strong>&#8220;I was born in 1946&#8221; &#8211; Overview of M\u00c9MO-Qc&#8217;s history from 1946 to 2022<\/strong><\/p>\n\n\n\n<figure class=\"wp-block-embed is-type-video is-provider-youtube wp-block-embed-youtube wp-embed-aspect-16-9 wp-has-aspect-ratio\"><div class=\"wp-block-embed__wrapper\">\n<div class=\"fitvids-video\"><iframe loading=\"lazy\" title=\"Je suis n\u00e9 en 1946 - Survol de l&#039;histoire de M\u00c9MO-Qc de 1946 \u00e0 2022\" width=\"660\" height=\"371\" src=\"https:\/\/www.youtube.com\/embed\/5VqSDk_ANwc?feature=oembed\" frameborder=\"0\" allow=\"accelerometer; autoplay; clipboard-write; encrypted-media; gyroscope; picture-in-picture; web-share\" allowfullscreen><\/iframe><\/div>\n<\/div><\/figure>\n\n\n\n<figure class=\"wp-block-image size-large\"><img loading=\"lazy\" width=\"386\" height=\"500\" src=\"http:\/\/www.moelleepiniere.com\/wp-content\/uploads\/2022\/07\/Afiche-finale-Souper-spectacle-Salle-710-386x500.png\" alt=\"\" class=\"wp-image-13646\" srcset=\"https:\/\/www.moelleepiniere.com\/wp-content\/uploads\/2022\/07\/Afiche-finale-Souper-spectacle-Salle-710-386x500.png 386w, https:\/\/www.moelleepiniere.com\/wp-content\/uploads\/2022\/07\/Afiche-finale-Souper-spectacle-Salle-710-116x150.png 116w, https:\/\/www.moelleepiniere.com\/wp-content\/uploads\/2022\/07\/Afiche-finale-Souper-spectacle-Salle-710-768x994.png 768w, https:\/\/www.moelleepiniere.com\/wp-content\/uploads\/2022\/07\/Afiche-finale-Souper-spectacle-Salle-710-1187x1536.png 1187w, https:\/\/www.moelleepiniere.com\/wp-content\/uploads\/2022\/07\/Afiche-finale-Souper-spectacle-Salle-710-1583x2048.png 1583w\" sizes=\"(max-width: 386px) 100vw, 386px\" \/><\/figure>\n\n\n\n<p><strong>Discover Aldric&#8217;s rehabilitation odyssey through the pictures of the photographer Dominique Perron<\/strong><\/p>\n\n\n\n<figure class=\"wp-block-image size-large\"><a href=\"http:\/\/www.moelleepiniere.com\/wp-content\/uploads\/2022\/06\/2022-06-21_au_08-13-LOdyssee-a-Chicoutimi-1.png\"><img loading=\"lazy\" width=\"324\" height=\"500\" src=\"http:\/\/www.moelleepiniere.com\/wp-content\/uploads\/2022\/06\/2022-06-21_au_08-13-LOdyssee-a-Chicoutimi-1-324x500.png\" alt=\"\" class=\"wp-image-13287\" srcset=\"https:\/\/www.moelleepiniere.com\/wp-content\/uploads\/2022\/06\/2022-06-21_au_08-13-LOdyssee-a-Chicoutimi-1-324x500.png 324w, https:\/\/www.moelleepiniere.com\/wp-content\/uploads\/2022\/06\/2022-06-21_au_08-13-LOdyssee-a-Chicoutimi-1-97x150.png 97w, https:\/\/www.moelleepiniere.com\/wp-content\/uploads\/2022\/06\/2022-06-21_au_08-13-LOdyssee-a-Chicoutimi-1-768x1187.png 768w, https:\/\/www.moelleepiniere.com\/wp-content\/uploads\/2022\/06\/2022-06-21_au_08-13-LOdyssee-a-Chicoutimi-1.png 792w\" sizes=\"(max-width: 324px) 100vw, 324px\" \/><\/a><\/figure>\n\n\n\n<p>Learn more about the way the exhibit came to life by reading our presentation pamphlet below.<\/p>\n\n\n\n<figure class=\"wp-block-image\"><img src=\"https:\/\/static.xx.fbcdn.net\/images\/emoji.php\/v9\/t58\/1.5\/16\/1f3a5.png\" alt=\"&#x1f3a5;\"\/><\/figure>\n\n\n\n<figure class=\"wp-block-image size-large\"><a href=\"http:\/\/www.moelleepiniere.com\/wp-content\/uploads\/2022\/01\/Expo-photos-Livret-version-word.pdf\"><img loading=\"lazy\" width=\"500\" height=\"378\" src=\"http:\/\/www.moelleepiniere.com\/wp-content\/uploads\/2022\/01\/livret-image-500x378.jpg\" alt=\"\" class=\"wp-image-12741\" srcset=\"https:\/\/www.moelleepiniere.com\/wp-content\/uploads\/2022\/01\/livret-image-500x378.jpg 500w, https:\/\/www.moelleepiniere.com\/wp-content\/uploads\/2022\/01\/livret-image-200x150.jpg 200w, https:\/\/www.moelleepiniere.com\/wp-content\/uploads\/2022\/01\/livret-image-768x580.jpg 768w, https:\/\/www.moelleepiniere.com\/wp-content\/uploads\/2022\/01\/livret-image.jpg 1117w\" sizes=\"(max-width: 500px) 100vw, 500px\" \/><\/a><\/figure>\n\n\n\n<p><strong>Artistic competition : click on the image below to discover the artists as well as their creations!<\/strong><\/p>\n\n\n\n<figure class=\"wp-block-image size-large\"><a href=\"http:\/\/www.moelleepiniere.com\/wp-content\/uploads\/2022\/06\/Concours-75-ans-Et-si-MEMO-Qc-metait-raconte.pdf\"><img loading=\"lazy\" width=\"375\" height=\"500\" src=\"http:\/\/www.moelleepiniere.com\/wp-content\/uploads\/2021\/10\/Concours-dexpression-artistique-affiche-375x500.png\" alt=\"\" class=\"wp-image-12527\" srcset=\"https:\/\/www.moelleepiniere.com\/wp-content\/uploads\/2021\/10\/Concours-dexpression-artistique-affiche-375x500.png 375w, https:\/\/www.moelleepiniere.com\/wp-content\/uploads\/2021\/10\/Concours-dexpression-artistique-affiche-113x150.png 113w, https:\/\/www.moelleepiniere.com\/wp-content\/uploads\/2021\/10\/Concours-dexpression-artistique-affiche-768x1024.png 768w, https:\/\/www.moelleepiniere.com\/wp-content\/uploads\/2021\/10\/Concours-dexpression-artistique-affiche-1152x1536.png 1152w, https:\/\/www.moelleepiniere.com\/wp-content\/uploads\/2021\/10\/Concours-dexpression-artistique-affiche-1536x2048.png 1536w, https:\/\/www.moelleepiniere.com\/wp-content\/uploads\/2021\/10\/Concours-dexpression-artistique-affiche.png 1728w\" sizes=\"(max-width: 375px) 100vw, 375px\" \/><\/a><\/figure>\n\n\n\n<p>We also invite you every month to discover a new video capsule in which a mystery personality sends his best wishes to M\u00c9MO-Qc on the occasion of our 75th birthday.<\/p>\n\n\n\n<p>June 2022 &#8211; Mr Martin Simard &#8211; Vice-president, Indemnification of Traffic Accident Victims &#8211; SAAQ<\/p>\n\n\n\n<figure class=\"wp-block-embed is-type-video is-provider-youtube wp-block-embed-youtube wp-embed-aspect-16-9 wp-has-aspect-ratio\"><div class=\"wp-block-embed__wrapper\">\n<div class=\"fitvids-video\"><iframe loading=\"lazy\" title=\"Martin Simard (SAAQ) - Joyeux 75e anniversaire, M\u00c9MO-Qc!\" width=\"660\" height=\"371\" src=\"https:\/\/www.youtube.com\/embed\/nnlxAWOs0yg?feature=oembed\" frameborder=\"0\" allow=\"accelerometer; autoplay; clipboard-write; encrypted-media; gyroscope; picture-in-picture; web-share\" allowfullscreen><\/iframe><\/div>\n<\/div><\/figure>\n\n\n\n<p>May 2022 &#8211; Mrs Laurence Parent &#8211; City Counselor, Le-Plateau-Mont-Royal Borough, City of Montreal<\/p>\n\n\n\n<figure class=\"wp-block-embed is-type-video is-provider-youtube wp-block-embed-youtube wp-embed-aspect-16-9 wp-has-aspect-ratio\"><div class=\"wp-block-embed__wrapper\">\n<div class=\"fitvids-video\"><iframe loading=\"lazy\" title=\"Laurence Parent (Ville de Montr\u00e9al) - Joyeux 75e anniversaire, M\u00c9MO-Qc!\" width=\"660\" height=\"371\" src=\"https:\/\/www.youtube.com\/embed\/2K-mOg_9a4k?feature=oembed\" frameborder=\"0\" allow=\"accelerometer; autoplay; clipboard-write; encrypted-media; gyroscope; picture-in-picture; web-share\" allowfullscreen><\/iframe><\/div>\n<\/div><\/figure>\n\n\n\n<p>April 2022 &#8211; Mrs Marie Turcotte &#8211; General manager of Ex aequo<\/p>\n\n\n\n<figure class=\"wp-block-embed is-type-video is-provider-youtube wp-block-embed-youtube wp-embed-aspect-16-9 wp-has-aspect-ratio\"><div class=\"wp-block-embed__wrapper\">\n<div class=\"fitvids-video\"><iframe loading=\"lazy\" title=\"Marie Turcotte (Ex aequo) - Joyeux 75e anniversaire, M\u00c9MO-Qc!\" width=\"660\" height=\"371\" src=\"https:\/\/www.youtube.com\/embed\/jvzGOl3ezUA?feature=oembed\" frameborder=\"0\" allow=\"accelerometer; autoplay; clipboard-write; encrypted-media; gyroscope; picture-in-picture; web-share\" allowfullscreen><\/iframe><\/div>\n<\/div><\/figure>\n\n\n\n<p>March 2022 &#8211; Mr Philippe Archambault &#8211; Scientific Co-Director of Soci\u00e9t\u00e9 Inclusive<\/p>\n\n\n\n<figure class=\"wp-block-embed is-type-video is-provider-youtube wp-block-embed-youtube wp-embed-aspect-16-9 wp-has-aspect-ratio\"><div class=\"wp-block-embed__wrapper\">\n<div class=\"fitvids-video\"><iframe loading=\"lazy\" title=\"Philippe Archambault (Soci\u00e9t\u00e9 inclusive) - Joyeux 75e anniversaire, M\u00c9MO-Qc!\" width=\"660\" height=\"371\" src=\"https:\/\/www.youtube.com\/embed\/76TvRRKypkA?feature=oembed\" frameborder=\"0\" allow=\"accelerometer; autoplay; clipboard-write; encrypted-media; gyroscope; picture-in-picture; web-share\" allowfullscreen><\/iframe><\/div>\n<\/div><\/figure>\n\n\n\n<p>February 2022 &#8211; Mr Rick Hansen &#8211; Paraplegic athlete and humanitarian activist<\/p>\n\n\n\n<figure class=\"wp-block-video\"><video controls poster=\"http:\/\/www.moelleepiniere.com\/wp-content\/uploads\/2022\/02\/rick-hansen-couverture.jpg\" src=\"http:\/\/www.moelleepiniere.com\/wp-content\/uploads\/2022\/02\/Bonjour-je-suis-Rick-Hansen-avec-sous-titres-1.mp4\"><\/video><\/figure>\n\n\n\n<p>December 2021 &#8211; Mrs Isabelle Ducharme &#8211; President of board of directors &#8211;  K\u00e9roul<\/p>\n\n\n\n<figure class=\"wp-block-embed is-type-video is-provider-youtube wp-block-embed-youtube wp-embed-aspect-16-9 wp-has-aspect-ratio\"><div class=\"wp-block-embed__wrapper\">\n<div class=\"fitvids-video\"><iframe loading=\"lazy\" title=\"Isabelle Ducharme (K\u00e9roul) - Joyeux 75e anniversaire, M\u00c9MO-Qc!\" width=\"660\" height=\"371\" src=\"https:\/\/www.youtube.com\/embed\/wDhCMmH0090?feature=oembed\" frameborder=\"0\" allow=\"accelerometer; autoplay; clipboard-write; encrypted-media; gyroscope; picture-in-picture; web-share\" allowfullscreen><\/iframe><\/div>\n<\/div><\/figure>\n\n\n\n<p>November 2021- Mrs Karine Vinet and Mrs Robin Frost &#8211; Coloplast partner<\/p>\n\n\n\n<figure class=\"wp-block-embed is-type-video is-provider-youtube wp-block-embed-youtube wp-embed-aspect-16-9 wp-has-aspect-ratio\"><div class=\"wp-block-embed__wrapper\">\n<div class=\"fitvids-video\"><iframe loading=\"lazy\" title=\"Karine Vinet et Robin Frost (Coloplast) - Joyeux 75e anniversaire, M\u00c9MO-Qc!\" width=\"660\" height=\"371\" src=\"https:\/\/www.youtube.com\/embed\/DqgftZ4YuRw?feature=oembed\" frameborder=\"0\" allow=\"accelerometer; autoplay; clipboard-write; encrypted-media; gyroscope; picture-in-picture; web-share\" allowfullscreen><\/iframe><\/div>\n<\/div><\/figure>\n\n\n\n<p>October 2021 &#8211; Mr Charles Deguire &#8211; CEO and Co-Founder of Kinova<\/p>\n\n\n\n<figure class=\"wp-block-embed is-type-video is-provider-youtube wp-block-embed-youtube wp-embed-aspect-16-9 wp-has-aspect-ratio\"><div class=\"wp-block-embed__wrapper\">\n<div class=\"fitvids-video\"><iframe loading=\"lazy\" title=\"Charles Deguire (Kinova) - Joyeux 75e anniversaire, M\u00c9MO-Qc!\" width=\"660\" height=\"371\" src=\"https:\/\/www.youtube.com\/embed\/lPcbiBBJd5c?feature=oembed\" frameborder=\"0\" allow=\"accelerometer; autoplay; clipboard-write; encrypted-media; gyroscope; picture-in-picture; web-share\" allowfullscreen><\/iframe><\/div>\n<\/div><\/figure>\n\n\n\n<p>September 2021 &#8211; Mr Paul St-Pierre Plamondon &#8211; Leader of the Parti Qu\u00e9b\u00e9cois<\/p>\n\n\n\n<figure class=\"wp-block-embed is-type-video is-provider-youtube wp-block-embed-youtube wp-embed-aspect-16-9 wp-has-aspect-ratio\"><div class=\"wp-block-embed__wrapper\">\n<div class=\"fitvids-video\"><iframe loading=\"lazy\" title=\"Paul St-Pierre Plamondon (Parti Qu\u00e9b\u00e9cois) - Joyeux 75e anniversaire, M\u00c9MO-Qc!\" width=\"660\" height=\"371\" src=\"https:\/\/www.youtube.com\/embed\/DBZAItW4MTw?feature=oembed\" frameborder=\"0\" allow=\"accelerometer; autoplay; clipboard-write; encrypted-media; gyroscope; picture-in-picture; web-share\" allowfullscreen><\/iframe><\/div>\n<\/div><\/figure>\n\n\n\n<p>August 2021 &#8211; Mrs Val\u00e9rie Plante &#8211; mayor of the city of Montreal<\/p>\n\n\n\n<figure class=\"wp-block-embed is-type-video is-provider-youtube wp-block-embed-youtube wp-embed-aspect-16-9 wp-has-aspect-ratio\"><div class=\"wp-block-embed__wrapper\">\n<div class=\"fitvids-video\"><iframe loading=\"lazy\" title=\"Val\u00e9rie Plante, mairesse de Montr\u00e9al - Joyeux 75e anniversaire, M\u00c9MO-Qc!\" width=\"660\" height=\"371\" src=\"https:\/\/www.youtube.com\/embed\/15DreAUfpRo?feature=oembed\" frameborder=\"0\" allow=\"accelerometer; autoplay; clipboard-write; encrypted-media; gyroscope; picture-in-picture; web-share\" allowfullscreen><\/iframe><\/div>\n<\/div><\/figure>\n\n\n\n<p>July 2021 &#8211; Mr Daniel Jean &#8211; General Director &#8211; Office for the Disabled of Quebec<\/p>\n\n\n\n<figure class=\"wp-block-embed is-type-video is-provider-youtube wp-block-embed-youtube wp-embed-aspect-16-9 wp-has-aspect-ratio\"><div class=\"wp-block-embed__wrapper\">\n<div class=\"fitvids-video\"><iframe loading=\"lazy\" title=\"Daniel Jean (OPHQ) - Joyeux 75e anniversaire, M\u00c9MO-Qc!\" width=\"660\" height=\"371\" src=\"https:\/\/www.youtube.com\/embed\/4O67Erhx1x8?feature=oembed\" frameborder=\"0\" allow=\"accelerometer; autoplay; clipboard-write; encrypted-media; gyroscope; picture-in-picture; web-share\" allowfullscreen><\/iframe><\/div>\n<\/div><\/figure>\n\n\n\n<p>June 2021 &#8211; Mr Gabriel Nadeau-Dubois &#8211; Parliamentary Leader of Quebec Solidaire<\/p>\n\n\n\n<figure class=\"wp-block-embed is-type-video is-provider-youtube wp-block-embed-youtube wp-embed-aspect-16-9 wp-has-aspect-ratio\"><div class=\"wp-block-embed__wrapper\">\n<div class=\"fitvids-video\"><iframe loading=\"lazy\" title=\"Gabriel Nadeau-Dubois (Qu\u00e9bec solidaire) - Joyeux 75e anniversaire, M\u00c9MO-Qc!\" width=\"660\" height=\"371\" src=\"https:\/\/www.youtube.com\/embed\/LCdaYR1Pjto?feature=oembed\" frameborder=\"0\" allow=\"accelerometer; autoplay; clipboard-write; encrypted-media; gyroscope; picture-in-picture; web-share\" allowfullscreen><\/iframe><\/div>\n<\/div><\/figure>\n\n\n\n<p>May 2021 &#8211;&nbsp; Mr Lionel Carmant &#8211; Minister for Health and Social Services<\/p>\n\n\n\n<figure class=\"wp-block-embed is-type-video is-provider-youtube wp-block-embed-youtube wp-embed-aspect-16-9 wp-has-aspect-ratio\"><div class=\"wp-block-embed__wrapper\">\n<div class=\"fitvids-video\"><iframe loading=\"lazy\" title=\"Lionel Carmant, ministre d\u00e9l\u00e9gu\u00e9 - Sant\u00e9 et aux Services Sociaux - Joyeux 75e anniversaire, M\u00c9MO-Qc!\" width=\"660\" height=\"371\" src=\"https:\/\/www.youtube.com\/embed\/V-rauuQvXik?feature=oembed\" frameborder=\"0\" allow=\"accelerometer; autoplay; clipboard-write; encrypted-media; gyroscope; picture-in-picture; web-share\" allowfullscreen><\/iframe><\/div>\n<\/div><\/figure>\n\n\n\n<p>April 2021 &#8211; Mrs Chantal Petitclerc &#8211; Senator and Paralympic Medalist<\/p>\n\n\n\n<figure class=\"wp-block-embed is-type-video is-provider-youtube wp-block-embed-youtube wp-embed-aspect-16-9 wp-has-aspect-ratio\"><div class=\"wp-block-embed__wrapper\">\n<div class=\"fitvids-video\"><iframe loading=\"lazy\" title=\"Chantal Petitclerc, s\u00e9natrice et m\u00e9daill\u00e9e paralympique - Joyeux 75e anniversaire, M\u00c9MO-Qc!\" width=\"660\" height=\"371\" src=\"https:\/\/www.youtube.com\/embed\/iC5H7lMz6nc?feature=oembed\" frameborder=\"0\" allow=\"accelerometer; autoplay; clipboard-write; encrypted-media; gyroscope; picture-in-picture; web-share\" allowfullscreen><\/iframe><\/div>\n<\/div><\/figure>\n\n\n\n<p>March 2021 &#8211; Mr Fran\u00e7ois Legault &#8211; Prime Minister of Qu\u00e9bec <\/p>\n\n\n\n<figure class=\"wp-block-embed is-type-video is-provider-youtube wp-block-embed-youtube wp-embed-aspect-16-9 wp-has-aspect-ratio\"><div class=\"wp-block-embed__wrapper\">\n<div class=\"fitvids-video\"><iframe loading=\"lazy\" title=\"Fran\u00e7ois Legault, premier ministre du Qu\u00e9bec - Joyeux 75e anniversaire, M\u00c9MO-Qc!\" width=\"660\" height=\"371\" src=\"https:\/\/www.youtube.com\/embed\/vJjNyJciP9A?feature=oembed\" frameborder=\"0\" allow=\"accelerometer; autoplay; clipboard-write; encrypted-media; gyroscope; picture-in-picture; web-share\" allowfullscreen><\/iframe><\/div>\n<\/div><\/figure>\n\n\n\n<p>February 2021 &#8211; Mr Yves-Fran\u00e7ois Blanchet &#8211; Leader of the Bloc Qu\u00e9b\u00e9cois<\/p>\n\n\n\n<figure class=\"wp-block-embed is-type-video is-provider-youtube wp-block-embed-youtube wp-embed-aspect-16-9 wp-has-aspect-ratio\"><div class=\"wp-block-embed__wrapper\">\n<div class=\"fitvids-video\"><iframe loading=\"lazy\" title=\"Yves-Fran\u00e7ois Blanchet (Bloc Qu\u00e9b\u00e9cois) - Joyeux 75e anniversaire, M\u00c9MO-Qc!\" width=\"660\" height=\"371\" src=\"https:\/\/www.youtube.com\/embed\/mfLGixs6hS8?feature=oembed\" frameborder=\"0\" allow=\"accelerometer; autoplay; clipboard-write; encrypted-media; gyroscope; picture-in-picture; web-share\" allowfullscreen><\/iframe><\/div>\n<\/div><\/figure>\n\n\n\n<p>January 2021 &#8211; Mrs Marie-Blanche R\u00e9millard &#8211; Chairman of the Board of Directors of M\u00c9MO-Qc<\/p>\n\n\n\n<figure class=\"wp-block-embed is-type-video is-provider-youtube wp-block-embed-youtube wp-embed-aspect-16-9 wp-has-aspect-ratio\"><div class=\"wp-block-embed__wrapper\">\n<div class=\"fitvids-video\"><iframe loading=\"lazy\" title=\"Marie-Blanche R\u00e9millard, pr\u00e9sidente du C.A. de M\u00c9MO-Qc - Joyeux 75e anniversaire, M\u00c9MO-Qc!\" width=\"660\" height=\"371\" src=\"https:\/\/www.youtube.com\/embed\/So8BJZCHAno?feature=oembed\" frameborder=\"0\" allow=\"accelerometer; autoplay; clipboard-write; encrypted-media; gyroscope; picture-in-picture; web-share\" allowfullscreen><\/iframe><\/div>\n<\/div><\/figure>\n\n\n\n<p class=\"has-text-align-center\"><strong>Upcoming activities<\/strong><\/p>\n\n\n\n<p>The special activity program for our 75th anniversary will be released on June 17, 2021, during our Annual General Meeting. Don&#8217;t forget to check our website and to follow us on <a href=\"https:\/\/www.facebook.com\/MEMOQuebec\">Facebook<\/a>, <a href=\"https:\/\/www.instagram.com\/moelleepiniereetmotriciteqc\/\" class=\"broken_link\">Instagram<\/a> and <a href=\"https:\/\/twitter.com\/MEMOQuebec\">Twitter<\/a> to learn more about our upcoming events!<\/p>","protected":false},"excerpt":{"rendered":"<p>(in French) &#8220;I was born in 1946&#8221; &#8211; Overview of M\u00c9MO-Qc&#8217;s history from 1946 to 2022 Discover Aldric&#8217;s rehabilitation odyssey<\/p>\n","protected":false},"author":7403,"featured_media":12404,"parent":521,"menu_order":1,"comment_status":"closed","ping_status":"closed","template":"","meta":{"_monsterinsights_skip_tracking":false,"_monsterinsights_sitenote_active":false,"_monsterinsights_sitenote_note":"","_monsterinsights_sitenote_category":0},"_links":{"self":[{"href":"https:\/\/www.moelleepiniere.com\/en\/wp-json\/wp\/v2\/pages\/11446"}],"collection":[{"href":"https:\/\/www.moelleepiniere.com\/en\/wp-json\/wp\/v2\/pages"}],"about":[{"href":"https:\/\/www.moelleepiniere.com\/en\/wp-json\/wp\/v2\/types\/page"}],"author":[{"embeddable":true,"href":"https:\/\/www.moelleepiniere.com\/en\/wp-json\/wp\/v2\/users\/7403"}],"replies":[{"embeddable":true,"href":"https:\/\/www.moelleepiniere.com\/en\/wp-json\/wp\/v2\/comments?post=11446"}],"version-history":[{"count":191,"href":"https:\/\/www.moelleepiniere.com\/en\/wp-json\/wp\/v2\/pages\/11446\/revisions"}],"predecessor-version":[{"id":15651,"href":"https:\/\/www.moelleepiniere.com\/en\/wp-json\/wp\/v2\/pages\/11446\/revisions\/15651"}],"up":[{"embeddable":true,"href":"https:\/\/www.moelleepiniere.com\/en\/wp-json\/wp\/v2\/pages\/521"}],"wp:featuredmedia":[{"embeddable":true,"href":"https:\/\/www.moelleepiniere.com\/en\/wp-json\/wp\/v2\/media\/12404"}],"wp:attachment":[{"href":"https:\/\/www.moelleepiniere.com\/en\/wp-json\/wp\/v2\/media?parent=11446"}],"curies":[{"name":"wp","href":"https:\/\/api.w.org\/{rel}","templated":true}]}}